{"id":1404,"date":"2018-04-17T16:23:25","date_gmt":"2018-04-17T14:23:25","guid":{"rendered":"http:\/\/www.activemotion.dk\/?page_id=1404"},"modified":"2019-11-18T14:56:54","modified_gmt":"2019-11-18T13:56:54","slug":"privatlivspolitik-for-patienter","status":"publish","type":"page","link":"https:\/\/activemotion.se\/en\/om-activemotion\/privatlivspolitik-for-patienter\/","title":{"rendered":"Privatlivspolitik f\u00f6r Patienter"},"content":{"rendered":"<h3>Behandling av upplysningar<\/h3>\n<h4><span style=\"font-family: Calibri, serif;\"><span style=\"font-size: small;\"><span lang=\"da-DK\">Dataskyddsf\u00f6rordningen f\u00f6r patienter 2018<\/span><\/span><\/span><\/h4>\n<p><span style=\"font-family: Calibri, serif;\"><span style=\"font-size: small;\"><span lang=\"da-DK\">Behandling av personuppgifter<\/span><\/span><\/span><\/p>\n<p><span style=\"font-family: Calibri, serif;\"><span style=\"font-size: small;\"><span lang=\"da-DK\">I samband med v\u00e5r unders\u00f6kning, diagnostik och behandling av dig som patient, samlar in och behandlar Activemotion Ortopedisk Kirurgi en rad personuppgifter om dig. <\/span><\/span><\/span><\/p>\n<p><span style=\"font-family: Calibri, serif;\"><span style=\"font-size: small;\"><span lang=\"da-DK\">I denna dataskyddsf\u00f6rordning beskrivs, hur Activemotion Ortopedisk Kirurgi behandlar, anv\u00e4nder och vidarebefordrar dina personuppgifter. <\/span><\/span><\/span><\/p>\n<p><span style=\"font-family: Calibri, serif;\"><span style=\"font-size: small;\"><span lang=\"da-DK\">Typer av upplysningar: <\/span><\/span><\/span><\/p>\n<p><span style=\"font-family: Calibri, serif;\"><span style=\"font-size: small;\"><span lang=\"da-DK\">Activemotion Ortopedisk Kirurgi samlar in och behandlar f\u00f6ljande typer av personuppgifter om dig (i den utstr\u00e4ckning som \u00e4r relevant f\u00f6r just dig) <\/span><\/span><\/span><\/p>\n<p><span style=\"font-family: Calibri, serif;\"><span style=\"font-size: small;\"><span lang=\"da-DK\">Vanliga kategorier av personuppgifter: <\/span><\/span><\/span><\/p>\n<ul>\n<li><span style=\"font-family: Calibri, serif;\"><span style=\"font-size: small;\"><span lang=\"da-DK\">Namn, adress, eventuellt e-mailadress, telefonnummer, personnummer, k\u00f6n, etnicitet, familierelationer och sociala relationer, arbetsrelationer och utbildning. <\/span><\/span><\/span><br \/>\n<span style=\"font-family: Calibri, serif;\"><span style=\"font-size: small;\"><span lang=\"da-DK\">Speciella kategorier av personuppgifter (&#8220;k\u00e4nsliga personuppgifter&#8221;): <\/span><\/span><\/span><\/li>\n<li><span style=\"font-family: Calibri, serif;\"><span style=\"font-size: small;\"><span lang=\"da-DK\">H\u00e4lsoupplysningar (tex journalupplysningar, provsvar, tester, r\u00f6ntgenbilder, skanningssvar osv), ras eller etnisk ursprung samt d\u00e4r det \u00e4r relevant f\u00f6r religi\u00f6s \u00f6vertygelse<\/span><\/span><\/span><\/li>\n<\/ul>\n<p><span style=\"font-family: Calibri, serif;\"><span style=\"font-size: small;\"><span lang=\"da-DK\">\u00c4ndam\u00e5l<\/span><\/span><\/span><\/p>\n<p><span style=\"font-family: Calibri, serif;\"><span style=\"font-size: small;\"><span lang=\"da-DK\">Vi behandlar dina uppgifter till f\u00f6ljande \u00e4ndam\u00e5l<\/span><\/span><\/span><\/p>\n<ul>\n<li><span style=\"font-family: Calibri, serif;\"><span style=\"font-size: small;\"><span lang=\"da-DK\">V\u00e5ra unders\u00f6kningar, diagnostik och behandling av dig<\/span><\/span><\/span><\/li>\n<li><span style=\"font-family: Calibri, serif;\"><span style=\"font-size: small;\"><span lang=\"da-DK\">Utarbetande av l\u00e4karintyg<\/span><\/span><\/span><\/li>\n<li><span style=\"font-family: Calibri, serif;\"><span style=\"font-size: small;\"><span lang=\"da-DK\">Utarbetande av attester till myndigheter, f\u00f6rs\u00e4kringsbolag mm<\/span><\/span><\/span><\/li>\n<li><span style=\"font-family: Calibri, serif;\"><span style=\"font-size: small;\"><span lang=\"da-DK\">Kommunikation med eller vid remisser till andra sundhetspersoner, l\u00e4kare, sjukhus eller sjukhuslaboratorier<\/span><\/span><\/span><\/li>\n<li><span style=\"font-family: Calibri, serif;\"><span style=\"font-size: small;\"><span lang=\"da-DK\">Medicinordinationer, utskrivning av recept<\/span><\/span><\/span><\/li>\n<li><span style=\"font-family: Calibri, serif;\"><span style=\"font-size: small;\"><span lang=\"da-DK\">Rapporter till kliniska kvalitetsdatabaser<\/span><\/span><\/span><\/li>\n<li><span style=\"font-family: Calibri, serif;\"><span style=\"font-size: small;\"><span lang=\"da-DK\">Rapport av laboratorieprov till sjukhuslaboratorier<\/span><\/span><\/span><\/li>\n<li><span style=\"font-family: Calibri, serif;\"><span style=\"font-size: small;\"><span lang=\"da-DK\">Faktuerings\u00e4ndam\u00e5l<\/span><\/span><\/span><\/li>\n<li><span style=\"font-family: Calibri, serif;\"><span style=\"font-size: small;\"><span lang=\"da-DK\">Skyldighet att utf\u00f6ra f\u00f6rpliktelser enligt g\u00e4llande lag, tex<\/span><\/span><\/span><\/li>\n<li><span style=\"font-family: Calibri, serif;\"><span style=\"font-size: small;\"><span lang=\"da-DK\">Dokumentationsplikt<\/span><\/span><\/span><\/li>\n<li><span style=\"font-family: Calibri, serif;\"><span style=\"font-size: small;\"><span lang=\"da-DK\">Skyldighet att behandla basala principer f\u00f6r behandling av personuppgifter och juridisk ut\u00f6vning f\u00f6r behandlingen. <\/span><\/span><\/span><\/li>\n<li><span style=\"font-family: Calibri, serif;\"><span style=\"font-size: small;\"><span lang=\"da-DK\">Tillhandah\u00e5lla och uppr\u00e4tth\u00e5lla tekniska och organisatoriska s\u00e4kerhets\u00e5tg\u00e4rder, hindra uatoriserad tillg\u00e5ng till systemer och upplysningar, f\u00f6rhindra mottagning av &#8211; eller distribution av ondsinnad kod, stoppa \u00f6verbelastningsangrepp (denial-of-service-angrepp) och skador p\u00e5 datorsystem och elektroniska kommunikationssystem. <\/span><\/span><\/span><\/li>\n<li><span style=\"font-family: Calibri, serif;\"><span style=\"font-size: small;\"><span lang=\"da-DK\">Unders\u00f6kning av misstanke eller kunskap om s\u00e4kerhetsbrott och rapportering till individer och myndigheter<\/span><\/span><\/span><\/li>\n<li><span style=\"font-family: Calibri, serif;\"><span style=\"font-size: small;\"><span lang=\"da-DK\">Hantering av f\u00f6rfr\u00e5gningar och klagom\u00e5l fr\u00e5n registrerade och \u00f6vriga<\/span><\/span><\/span><\/li>\n<li><span style=\"font-family: Calibri, serif;\"><span style=\"font-size: small;\"><span lang=\"da-DK\">Hantering av inspektioner och f\u00f6rfr\u00e5gningar fr\u00e5n tillsynsmyndigheter<\/span><\/span><\/span><\/li>\n<li><span style=\"font-family: Calibri, serif;\"><span style=\"font-size: small;\"><span lang=\"da-DK\">Hantering av tvister mellan registrerade och tredjepart<\/span><\/span><\/span><\/li>\n<li><span style=\"font-family: Calibri, serif;\"><span style=\"font-size: small;\"><span lang=\"da-DK\">Statistiska unders\u00f6kningar och vetenskaplig forskning<\/span><\/span><\/span><\/li>\n<\/ul>\n<p><span style=\"font-family: Calibri, serif;\"><span style=\"font-size: small;\"><span lang=\"da-DK\">Frivillighet<\/span><\/span><\/span><\/p>\n<p><span style=\"font-family: Calibri, serif;\"><span style=\"font-size: small;\"><span lang=\"da-DK\">N\u00e4r vi samlar in personuppgifter direkt fr\u00e5n dig, ger du personuppgifterna frivilligt. Du \u00e4r inte skyldig att ge oss dessa upplysningar. Konsekvensen av att inte ge oss personuppgifterna vill vara att vi inte kan erbjuda dig v\u00e5rd som beskrivet; att vi inte kan unders\u00f6ka, diagnosticera eller behandla dig. <\/span><\/span><\/span><\/p>\n<p><span style=\"font-family: Calibri, serif;\"><span style=\"font-size: small;\"><span lang=\"da-DK\">K\u00e4llor<\/span><\/span><\/span><\/p>\n<p><span style=\"font-family: Calibri, serif;\"><span style=\"font-size: small;\"><span lang=\"da-DK\">I vissa fall samlar vi in personuppgifter om dig fr\u00e5n andra sundhetspersoner, tex sjukhus, remitterande l\u00e4kare eller vid s\u00f6kningar i elektroniska journalsystem. Vi behandlar de mottagna upplysningarna i \u00f6verensst\u00e4mmelse med denna dataskyddsordning. <\/span><\/span><\/span><\/p>\n<p><span style=\"font-family: Calibri, serif;\"><span style=\"font-size: small;\"><span lang=\"da-DK\">Utl\u00e4mnande av personuppgifter<\/span><\/span><\/span><\/p>\n<p><span style=\"font-family: Calibri, serif;\"><span style=\"font-size: small;\"><span lang=\"da-DK\">I den utstr\u00e4ckningen det \u00e4r n\u00f6dv\u00e4ndigt f\u00f6r den konkreta unders\u00f6kningen, diagnosticeringen eller behandlingen av dig, delar vi dina personuppgifter med f\u00f6ljande mottagare: <\/span><\/span><\/span><\/p>\n<ul>\n<li><span style=\"font-family: Calibri, serif;\"><span style=\"font-size: small;\"><span lang=\"da-DK\">Andra sundhetspersoner, om det \u00e4r n\u00f6dv\u00e4ndigt med h\u00e4nsyn till ett aktuellt behandlingsf\u00f6rlopp<\/span><\/span><\/span><\/li>\n<li><span style=\"font-family: Calibri, serif;\"><span style=\"font-size: small;\"><span lang=\"da-DK\">Andra myndigheter, kliniska databaser, <\/span><\/span><\/span><span style=\"font-family: Calibri, serif;\"><span style=\"font-size: small;\"><span lang=\"da-DK\"><i>Der videregives oplysninger til andre myndigheder, kliniske kvalitetsdatabaser, Det Dan-ske Vaccinationsregister, Styrelsen for Patientsikkerhed, Det F\u00e6lles Medicinkort, Politiet, Sociale myndigheder, Arbejdsmarkedets Erhvervssikring <\/i><\/span><\/span><\/span><span style=\"font-family: Calibri, serif;\"><span style=\"font-size: small;\"><span lang=\"da-DK\"> i den utstr\u00e4ckningen, att det finns en skyldighet enligt g\u00e4llande lag. <\/span><\/span><\/span><\/li>\n<li><span style=\"font-family: Calibri, serif;\"><span style=\"font-size: small;\"><span lang=\"da-DK\">Du har som patient tillg\u00e5ng till dina egna upplysningar (egen-access)<\/span><\/span><\/span><\/li>\n<li><span style=\"font-family: Calibri, serif;\"><span style=\"font-size: small;\"><span lang=\"da-DK\">Vid remittering av patienter, utl\u00e4mnas upplysningar till de sundhetspersoner, dit remissen \u00e4r skickad<\/span><\/span><\/span><\/li>\n<li><span style=\"font-family: Calibri, serif;\"><span style=\"font-size: small;\"><span lang=\"da-DK\">Vid rapportering av laboratorieprov, l\u00e4mnas proven till sjukhuslaboratorierna<\/span><\/span><\/span><\/li>\n<li><span style=\"font-family: Calibri, serif;\"><span style=\"font-size: small;\"><span lang=\"da-DK\">Vid rapportering av upplysningar i samband med fakturering f\u00f6r patientbehandling, l\u00e4mnas upplysningar till de regionala faktureringsmyndigheterna samt d\u00e4r det har relevans, till F\u00f6rs\u00e4kringskassan i Sverige.<\/span><\/span><\/span><\/li>\n<li><span style=\"font-family: Calibri, serif;\"><span style=\"font-size: small;\"><span lang=\"da-DK\">Vid utskrivning av recept, l\u00e4mnas upplysningar till landets apotek och l\u00e4kemedelsstyrelse via recept online<\/span><\/span><\/span><\/li>\n<li><span style=\"font-family: Calibri, serif;\"><span style=\"font-size: small;\"><span lang=\"da-DK\">Vid rapportering till kliniska kvalitetsdatabaser<\/span><\/span><\/span><\/li>\n<li><span style=\"font-family: Calibri, serif;\"><span style=\"font-size: small;\"><span lang=\"da-DK\">Vid utl\u00e4mnande av epikriser, ges upplysningar till den remitterande l\u00e4karen och i vissa fall det remitterande sjukhuset<\/span><\/span><\/span><\/li>\n<li><span style=\"font-family: Calibri, serif;\"><span style=\"font-size: small;\"><span lang=\"da-DK\">I andra fall vidareges upplysningar till anh\u00f6riga eller f\u00f6rs\u00e4kringsbolag<\/span><\/span><\/span><\/li>\n<\/ul>\n<p><span style=\"font-family: Calibri, serif;\"><span style=\"font-size: small;\"><span lang=\"da-DK\">Lagstiftning f\u00f6r behandling och vidaregivande av personuppgifter<\/span><\/span><\/span><\/p>\n<p><span style=\"font-family: Calibri, serif;\"><span style=\"font-size: small;\"><span lang=\"da-DK\">Den juridiska laggivningen f\u00f6r att insamla, behandla och vidarege dina personuppgifter \u00e4r: <\/span><\/span><\/span><\/p>\n<ul>\n<li><span style=\"font-family: Calibri, serif;\"><span style=\"font-size: small;\"><span lang=\"da-DK\">Till anv\u00e4ndning f\u00f6r patientbehandlingen, insamlas, behandlas och vidareges vanliga personuppgifter omfattande dataskydssf\u00f6rordningens direktiv<\/span><\/span><\/span><\/li>\n<li><span style=\"font-family: Calibri, serif;\"><span style=\"font-size: small;\"><span lang=\"da-DK\">Dessutom \u00e4r vi skyldiga att behandla en rad personuppgifter om dig vid den vanliga patientbehandlingen omfattande autorisationsf\u00f6rordningens direktiv<\/span><\/span><\/span><\/li>\n<li><span style=\"font-family: Calibri, serif;\"><span style=\"font-size: small;\"><span lang=\"da-DK\">H\u00e4lsodeklaration f\u00f6r vidare behandling vid remittering av patienter, vidareges efter reglerna i \u00f6verensst\u00e4mmande med speciall\u00e4karhj\u00e4lp och sundhetslagen<\/span><\/span><\/span><\/li>\n<li><span style=\"font-family: Calibri, serif;\"><span style=\"font-size: small;\"><span lang=\"da-DK\">Rapportering av laboratorieprov till sjukhuslaboratorier sker efter lagstiftning i Sundhetsstyrelsens direktiver om hantering av parakliniska unders\u00f6kningar enligt autorisationslagen. <\/span><\/span><\/span><\/li>\n<li><span style=\"font-family: Calibri, serif;\"><span style=\"font-size: small;\"><span lang=\"da-DK\">Upplysningar f\u00f6r fakturering f\u00f6r patientbehandling, skickas en g\u00e5ng per m\u00e5nad till regionens fakturakontor i \u00f6verensst\u00e4mmande med \u00f6verenskomst om speciall\u00e4karhj\u00e4lp och sundhetslagen<\/span><\/span><\/span><\/li>\n<li><span style=\"font-family: Calibri, serif;\"><span style=\"font-size: small;\"><span lang=\"da-DK\">Medicinordinationer p\u00e5 recept skickas via IT-tj\u00e4nsten receptserveren enligt reglerna i sundhetslagen, omhandlande recept och dosdispensering av l<\/span><\/span><\/span><span style=\"font-family: Calibri, serif;\"><span style=\"font-size: small;\"><span lang=\"sv-SE\">\u00e4kemedel<\/span><\/span><\/span><\/li>\n<li><span style=\"font-family: Calibri, serif;\"><span style=\"font-size: small;\"><span lang=\"da-DK\">Kliniska patientdata vidareges till kliniska kvalitetsdatabaser enligt reglerna i sundhetslagen enligt reglerna i sundhetslagens, omhandlande rapportering av upplysningar till kliniska kvalitetsdatabaser mm. Data kan ocks\u00e5 ges vidare med bakgrund i konkret samtycke fr\u00e5n dig som patient<\/span><\/span><\/span><\/li>\n<li><span style=\"font-family: Calibri, serif;\"><span style=\"font-size: small;\"><span lang=\"da-DK\">Epikriser, som \u00e4r en sammanfattning av patientens sjukhistoria och behandlingsf\u00f6rlopp, skickas till remitterande l\u00e4kare och i enskilda fall till remitterande sjukhus enligt reglerna i sundhetslagen<\/span><\/span><\/span><\/li>\n<li><span style=\"font-family: Calibri, serif;\"><span style=\"font-size: small;\"><span lang=\"da-DK\">Dina personuppgifter vidareges endast till f\u00f6rs\u00e4kringsbolag med ditt samtycke &#8211; se dataskyddslagen<\/span><\/span><\/span><\/li>\n<li><span style=\"font-family: Calibri, serif;\"><span style=\"font-size: small;\"><span lang=\"da-DK\">Dina personuppgifter vidareges endast till dina anh\u00f6riga med ditt samtycke efter regelerna i sundhetslagen<\/span><\/span><\/span><\/li>\n<li><span style=\"font-family: Calibri, serif;\"><span style=\"font-size: small;\"><span lang=\"da-DK\">Vid avlidna patienter, kan vissa personuppgifter vidareges till aflidnas n\u00e4rmaste anh\u00f6riga, aflidnas egen l\u00e4kare och den l\u00e4karen som behandlade avliden enligt reglerna i sundhetslagen<\/span><\/span><\/span><\/li>\n<\/ul>\n<p><span style=\"font-family: Calibri, serif;\"><span style=\"font-size: small;\"><span lang=\"da-DK\">\u00c5terkallelse av samtycke<\/span><\/span><\/span><\/p>\n<p><span style=\"font-family: Calibri, serif;\"><span style=\"font-size: small;\"><span lang=\"da-DK\">Om behandlingen av dina personuppgifter \u00e4r baserade p\u00e5 ditt samtycke, har du krav p\u00e5 att \u00e5terkalla samtycket. Om du \u00e5terkallar samtycket, p\u00e5verkar det inte behandlingen innan \u00e5terkallelsen av samtycket, g\u00e4ller vidaregivning baserat p\u00e5 samtycke<\/span><\/span><\/span><\/p>\n<p><span style=\"font-family: Calibri, serif;\"><span style=\"font-size: small;\"><span lang=\"da-DK\">Anv\u00e4ndelse av databehandlare<\/span><\/span><\/span><\/p>\n<p><span style=\"font-family: Calibri, serif;\"><span style=\"font-size: small;\"><span lang=\"da-DK\">Dina personuppgifter behandlas och lagras hos v\u00e5ra databehandlare, som lagrar uppgifterna p\u00e5 v\u00e4gnar av och efter instruktion fr\u00e5n oss. V\u00e5ra databehandlare \u00e4r: <\/span><\/span><\/span><\/p>\n<ul>\n<li><span style=\"font-family: Calibri, serif;\"><span style=\"font-size: small;\"><span lang=\"da-DK\">SimplyBook.it &#8211; webbaserad bokningskalender som lagrar upplysningar om namn, telefonummer och mailadress knuten till bokningen<\/span><\/span><\/span><\/li>\n<li><span style=\"font-family: Calibri, serif;\"><span style=\"font-size: small;\"><span lang=\"da-DK\">Gigahost.dk &#8211; webhotell<\/span><\/span><\/span><\/li>\n<\/ul>\n<p><span style=\"font-family: Calibri, serif;\"><span style=\"font-size: small;\"><span lang=\"da-DK\">Lagringsperiod<\/span><\/span><\/span><\/p>\n<p><span style=\"font-family: Calibri, serif;\"><span style=\"font-size: small;\"><span lang=\"da-DK\">Vi lagrar dina personupplysningar, s\u00e5 l\u00e4nge vi er i behov f\u00f6r att ovan n\u00e4mnda \u00e4ndam\u00e5l. Vi har dock enligt journalf\u00f6ringslagen skyldighet att lagra dessa i minst 10 \u00e5r efter senaste antecknan i journalen. Dessutom kan vi vara tvungna att lagra dina upplysningar i l\u00e4ngre tid i samband med klagom\u00e5l eller ers\u00e4ttningar, d\u00e4r upplysningarna i s\u00e5 fall lagras tills fallet \u00e4r avslutat. <\/span><\/span><\/span><\/p>\n<p><span style=\"font-family: Calibri, serif;\"><span style=\"font-size: small;\"><span lang=\"da-DK\">Dina r\u00e4ttigheter<\/span><\/span><\/span><\/p>\n<p><span style=\"font-family: Calibri, serif;\"><span style=\"font-size: small;\"><span lang=\"da-DK\">Du har &#8211; med lagens begr\u00e4nsningar vissa r\u00e4ttigheter; r\u00e4tt till insikt i personuppgifter, r\u00e4tt till att f\u00e5 \u00e4ndrat felaktiga upplysningar, r\u00e4tt till att radera upplysningar, r\u00e4tt till att begr\u00e4nsa upplysningar, r\u00e4tt till dataportabilitet, r\u00e4tt till att opponera dig mot behandlingen av personuppgifterna, \u00e4ven i relation till automatiserad, individuella beslut (&#8220;profilering&#8221;)<\/span><\/span><\/span><\/p>\n<p><span style=\"font-family: Calibri, serif;\"><span style=\"font-size: small;\"><span lang=\"da-DK\">Du har ocks\u00e5 r\u00e4tt till klagom\u00e5l via en kompetent tillsynsmyndighet; tex Datatillsynet. <\/span><\/span><\/span><\/p>\n<p><span style=\"font-family: Calibri, serif;\"><span style=\"font-size: small;\"><span lang=\"da-DK\">Kontakt<\/span><\/span><\/span><\/p>\n<p><span style=\"font-family: Calibri, serif;\"><span style=\"font-size: small;\"><span lang=\"da-DK\">Har du fr\u00e5gor ang\u00e5ende behandlingen av dina personuppgifter eller fr\u00e5gor om dina r\u00e4ttigheter, \u00e4r du v\u00e4lkommen att kontakta oss. <\/span><\/span><\/span><\/p>\n<p><span style=\"font-family: Calibri, serif;\"><span style=\"font-size: small;\"><span lang=\"da-DK\"><i>Adress till kliniken:<\/i><\/span><\/span><\/span><\/p>\n<p><span style=\"font-family: Calibri, serif;\"><span style=\"font-size: small;\"><span lang=\"da-DK\"><i>Activemotion Ortopedisk Kirurgi<\/i><\/span><\/span><\/span><\/p>\n<p><span style=\"font-family: Calibri, serif;\"><span style=\"font-size: small;\"><span lang=\"da-DK\"><i>Tr\u00f8r\u00f8dv\u00e6nget 17<br \/>\n<\/i><\/span><\/span><\/span><\/p>\n<p><span style=\"font-family: Calibri, serif;\"><span style=\"font-size: small;\"><span lang=\"da-DK\"><i>DK-2950 Vedb\u00e6k<br \/>\n<\/i><\/span><\/span><\/span><\/p>\n<p><span style=\"font-family: Calibri, serif;\"><span style=\"font-size: small;\"><span lang=\"da-DK\"><i>Danmark<\/i><\/span><\/span><\/span><\/p>\n","protected":false},"excerpt":{"rendered":"<p>Behandling av upplysningar Dataskyddsf\u00f6rordningen f\u00f6r patienter 2018 Behandling av personuppgifter I samband med v\u00e5r unders\u00f6kning, diagnostik och behandling av dig som patient, samlar in och behandlar Activemotion Ortopedisk Kirurgi en rad personuppgifter om dig. I denna dataskyddsf\u00f6rordning beskrivs, hur Activemotion Ortopedisk Kirurgi behandlar, anv\u00e4nder och vidarebefordrar dina personuppgifter. Typer av upplysningar: Activemotion Ortopedisk Kirurgi samlar [&hellip;]<\/p>\n","protected":false},"author":3,"featured_media":0,"parent":32,"menu_order":4,"comment_status":"closed","ping_status":"closed","template":"","meta":{"footnotes":""},"class_list":["post-1404","page","type-page","status-publish","hentry"],"translation":{"provider":"WPGlobus","version":"3.0.0","language":"en","enabled_languages":["sv","da","en"],"languages":{"sv":{"title":true,"content":true,"excerpt":false},"da":{"title":false,"content":true,"excerpt":false},"en":{"title":false,"content":false,"excerpt":false}}},"acf":[],"wps_subtitle":"Privatlivspolitik","_links":{"self":[{"href":"https:\/\/activemotion.se\/en\/wp-json\/wp\/v2\/pages\/1404","targetHints":{"allow":["GET"]}}],"collection":[{"href":"https:\/\/activemotion.se\/en\/wp-json\/wp\/v2\/pages"}],"about":[{"href":"https:\/\/activemotion.se\/en\/wp-json\/wp\/v2\/types\/page"}],"author":[{"embeddable":true,"href":"https:\/\/activemotion.se\/en\/wp-json\/wp\/v2\/users\/3"}],"replies":[{"embeddable":true,"href":"https:\/\/activemotion.se\/en\/wp-json\/wp\/v2\/comments?post=1404"}],"version-history":[{"count":12,"href":"https:\/\/activemotion.se\/en\/wp-json\/wp\/v2\/pages\/1404\/revisions"}],"predecessor-version":[{"id":2003,"href":"https:\/\/activemotion.se\/en\/wp-json\/wp\/v2\/pages\/1404\/revisions\/2003"}],"up":[{"embeddable":true,"href":"https:\/\/activemotion.se\/en\/wp-json\/wp\/v2\/pages\/32"}],"wp:attachment":[{"href":"https:\/\/activemotion.se\/en\/wp-json\/wp\/v2\/media?parent=1404"}],"curies":[{"name":"wp","href":"https:\/\/api.w.org\/{rel}","templated":true}]}}